{"id":30400,"date":"2026-09-01T18:19:07","date_gmt":"2026-09-01T16:19:07","guid":{"rendered":"https:\/\/sp1hrubieszow.pl\/?page_id=30400"},"modified":"2026-09-01T18:20:51","modified_gmt":"2026-09-01T16:20:51","slug":"uroczyste-rozpoczecie-roku-szkolnego-2026-2027","status":"publish","type":"page","link":"https:\/\/sp1hrubieszow.pl\/index.php\/kronika-2020-2021\/uroczyste-rozpoczecie-roku-szkolnego-2026-2027\/","title":{"rendered":"Uroczyste rozpocz\u0119cie roku szkolnego 2026\/2027"},"content":{"rendered":"\n<p><span style=\"color: #000080;\">1 wrze\u015bnia w Szkole Podstawowej Nr 1 w Hrubieszowie odby\u0142o si\u0119 uroczyste rozpocz\u0119cie roku szkolnego 2026\/2027. Po wakacyjnej przerwie szkolne korytarze ponownie wype\u0142ni\u0142y si\u0119 radosnym gwarem, u\u015bmiechami i spotkaniami z kole\u017cankami, kolegami oraz nauczycielami.<\/span><br><span style=\"color: #000080;\">Uroczysto\u015b\u0107 rozpocz\u0119\u0142a si\u0119 o godz. 8.00. Spotkanie poprowadzi\u0142a Pani Dyrektor Edyta Kucharska, kt\u00f3ra serdecznie powita\u0142a ca\u0142\u0105 spo\u0142eczno\u015b\u0107 szkoln\u0105. Szczeg\u00f3lnie ciep\u0142e s\u0142owa skierowa\u0142a do uczni\u00f3w klas pierwszych, dla kt\u00f3rych rozpocz\u0105\u0142 si\u0119 nowy, niezwykle wa\u017cny etap edukacyjnej przygody. Pani Dyrektor \u017cyczy\u0142a wszystkim uczniom, aby nowy rok szkolny by\u0142 czasem rozwijania pasji, zdobywania wiedzy, odnoszenia sukces\u00f3w oraz budowania pi\u0119knych relacji.<\/span><br><span style=\"color: #000080;\">W uroczysto\u015bci udzia\u0142 wzi\u0119li r\u00f3wnie\u017c zaproszeni go\u015bcie, kt\u00f3rzy skierowali do uczni\u00f3w, nauczycieli i rodzic\u00f3w s\u0142owa pe\u0142ne \u017cyczliwo\u015bci oraz najlepszych \u017cycze\u0144: Wiceburmistrz Hrubieszowa Pan Pawe\u0142 Wojciechowski, Ksi\u0105dz Proboszcz Marek Giergiel, przewodnicz\u0105ca Rady Rodzic\u00f3w Pani Beata Litwi\u0144czuk. <\/span><br><span style=\"color: #000080;\">Wszystkie skierowane do spo\u0142eczno\u015bci szkolnej \u017cyczenia \u0142\u0105czy\u0142o jedno przes\u0142anie \u2013 aby rozpoczynaj\u0105cy si\u0119 rok by\u0142 pe\u0142en sukces\u00f3w, dobrych do\u015bwiadcze\u0144, rozwijania talent\u00f3w, przyja\u017ani, wzajemnego szacunku i rado\u015bci ze wsp\u00f3lnego bycia w szkolnej spo\u0142eczno\u015bci. <\/span><br><span style=\"color: #000080;\">Po uroczystym spotkaniu uczniowie udali si\u0119 do swoich sal na spotkania z wychowawcami, podczas kt\u00f3rych poznali najwa\u017cniejsze informacje dotycz\u0105ce organizacji nowego roku szkolnego.<\/span><br><span style=\"color: #000080;\">Tego dnia reprezentanci naszej szko\u0142y uczestniczyli r\u00f3wnie\u017c w uroczysto\u015bciach religijno-patriotycznych upami\u0119tniaj\u0105cych rocznic\u0119 wybuchu II wojny \u015bwiatowej. By\u0142a to okazja do oddania ho\u0142du wszystkim, kt\u00f3rzy walczyli i po\u015bwi\u0119cili swoje \u017cycie w obronie Ojczyzny, a tak\u017ce do przypomnienia, jak wa\u017cne s\u0105 pami\u0119\u0107 historyczna, pok\u00f3j i odpowiedzialno\u015b\u0107 za przysz\u0142o\u015b\u0107.<\/span><br><br><span style=\"color: #000080;\">Niech rozpoczynaj\u0105cy si\u0119 rok szkolny b\u0119dzie dla ca\u0142ej spo\u0142eczno\u015bci Szko\u0142y Podstawowej Nr 1 w Hrubieszowie czasem pe\u0142nym inspiracji, nowych mo\u017cliwo\u015bci i powod\u00f3w do dumy! <span class=\"x1xsqp64 xiy17q3 x1o6pynw x19co3pv xdj266r xjn30re xat24cr x1hb08if x2b8uid\" data-testid=\"emoji\" data-emoji-size=\"16\"><span class=\"xexx8yu xcaqkgz x18d9i69 xbwkkl7 x3jgonx x1bhl96m\">\ud83d\udc99<\/span><\/span>\u017byczymy wszystkim uczniom powodzenia, nauczycielom wielu pedagogicznych sukces\u00f3w, a rodzicom satysfakcji i rado\u015bci z osi\u0105gni\u0119\u0107 swoich dzieci.<\/span><\/p>\n<p><span style=\"color: #000080;\">Marta Lackowska&nbsp;<\/span><\/p>\nngg_shortcode_0_placeholder\n","protected":false},"excerpt":{"rendered":"<p>1 wrze\u015bnia w Szkole Podstawowej Nr 1 w Hrubieszowie odby\u0142o si\u0119 uroczyste rozpocz\u0119cie roku szkolnego 2026\/2027. Po wakacyjnej przerwie szkolne korytarze ponownie wype\u0142ni\u0142y si\u0119 radosnym gwarem, u\u015bmiechami i spotkaniami z kole\u017cankami, kolegami oraz nauczycielami.Uroczysto\u015b\u0107 rozpocz\u0119\u0142a si\u0119 o godz. 8.00. Spotkanie poprowadzi\u0142a Pani Dyrektor Edyta Kucharska, kt\u00f3ra serdecznie powita\u0142a ca\u0142\u0105 spo\u0142eczno\u015b\u0107 szkoln\u0105. Szczeg\u00f3lnie ciep\u0142e s\u0142owa skierowa\u0142a [&hellip;]<\/p>\n","protected":false},"author":2,"featured_media":0,"parent":5983,"menu_order":0,"comment_status":"closed","ping_status":"closed","template":"","meta":{"ngg_post_thumbnail":0,"footnotes":""},"class_list":["post-30400","page","type-page","status-publish","hentry"],"_links":{"self":[{"href":"https:\/\/sp1hrubieszow.pl\/index.php\/wp-json\/wp\/v2\/pages\/30400","targetHints":{"allow":["GET"]}}],"collection":[{"href":"https:\/\/sp1hrubieszow.pl\/index.php\/wp-json\/wp\/v2\/pages"}],"about":[{"href":"https:\/\/sp1hrubieszow.pl\/index.php\/wp-json\/wp\/v2\/types\/page"}],"author":[{"embeddable":true,"href":"https:\/\/sp1hrubieszow.pl\/index.php\/wp-json\/wp\/v2\/users\/2"}],"replies":[{"embeddable":true,"href":"https:\/\/sp1hrubieszow.pl\/index.php\/wp-json\/wp\/v2\/comments?post=30400"}],"version-history":[{"count":1,"href":"https:\/\/sp1hrubieszow.pl\/index.php\/wp-json\/wp\/v2\/pages\/30400\/revisions"}],"predecessor-version":[{"id":30401,"href":"https:\/\/sp1hrubieszow.pl\/index.php\/wp-json\/wp\/v2\/pages\/30400\/revisions\/30401"}],"up":[{"embeddable":true,"href":"https:\/\/sp1hrubieszow.pl\/index.php\/wp-json\/wp\/v2\/pages\/5983"}],"wp:attachment":[{"href":"https:\/\/sp1hrubieszow.pl\/index.php\/wp-json\/wp\/v2\/media?parent=30400"}],"curies":[{"name":"wp","href":"https:\/\/api.w.org\/{rel}","templated":true}]}}