{"id":29940,"date":"2026-04-29T14:03:55","date_gmt":"2026-04-29T12:03:55","guid":{"rendered":"https:\/\/sp1hrubieszow.pl\/?page_id=29940"},"modified":"2026-04-29T14:07:26","modified_gmt":"2026-04-29T12:07:26","slug":"maly-mistrz-ortografii-2026-regionalny-konkurs-ortograficzny-klas-iii","status":"publish","type":"page","link":"https:\/\/sp1hrubieszow.pl\/index.php\/kronika-2020-2021\/maly-mistrz-ortografii-2026-regionalny-konkurs-ortograficzny-klas-iii\/","title":{"rendered":"Ma\u0142y Mistrz Ortografii 2026- Regionalny Konkurs Ortograficzny klas III"},"content":{"rendered":"\n<div dir=\"auto\"><span style=\"color: #000080;\">Ma\u0142y Mistrz Ortografii 2026- Regionalny Konkurs Ortograficzny klas III.<\/span><\/div>\n<div dir=\"auto\"><span style=\"color: #000080;\">Za nami wyj\u0105tkowe wydarzenie, kt\u00f3re pokaza\u0142o, \u017ce ortografia wcale nie musi by\u0107 trudna!<\/span><\/div>\n<div dir=\"auto\"><span style=\"color: #000080;\">Uczniowie klas III ze Szko\u0142y Podstawowej Nr 1 w Hrubieszowie, Szko\u0142y Podstawowej Nr 3 w Hrubieszowie i Zespo\u0142u Szkolno- Przedszkolnego w Mirczu wzi\u0119li udzia\u0142 w ostatnim IV etapie Rejonowego Konkursu Ortograficznego \u201eMa\u0142y Mistrz Ortografii 2026\u201d organizowanym przez LSCDN oraz Szko\u0142\u0119 Podstawow\u0105 w Mokrem sprawdzaj\u0105c<\/span><\/div>\n<div dir=\"auto\"><span style=\"color: #000080;\">swoje umiej\u0119tno\u015bci w zakresie poprawnej pisowni.<\/span><\/div>\n<div dir=\"auto\"><span style=\"color: #000080;\">Emocji nie brakowa\u0142o, ale wszyscy poradzili sobie znakomicie!<\/span><\/div>\n<div dir=\"auto\"><span style=\"color: #000080;\">Celem konkursu by\u0142o nie tylko wy\u0142onienie najlepszych, lecz rozwijanie zainteresowania j\u0119zykiem polskim, utrwalenie zasad ortograficznych oraz nauka przez zabaw\u0119. I to uda\u0142o si\u0119 w 100 %.<\/span><\/div>\n<div dir=\"auto\"><span style=\"color: #000080;\">Teraz czekamy na wyniki ko\u0144cowe od organizatora konkursu.<\/span><\/div>\n<div dir=\"auto\"><span style=\"color: #000080;\">Serdecznie gratulujemy wszystkim uczestnikom. Szczeg\u00f3lnie uczniom, kt\u00f3rzy reprezentowali nas w etapie fina\u0142owym: Julii Boguckiej, Annie B\u0142aszczy\u0144skiej, Franciszkowi Ciesielczukowi, Nikoli Grycaj, Aleksandrze Mielniczuk, Antoniemu Pilusiowi, R\u00f3\u017cy R\u00f3\u017ca\u0144skiej, Mi\u0142oszowi Stepaniukowi, Karolowi Senderkowi.<\/span><\/div>\n<div dir=\"auto\"><span style=\"color: #000080;\">Serdecznie podzi\u0119kowania dla Pani Dyrektor Edyty Kucharskiej za pomoc w organizacji konkursu oraz komisji konkursowej: Pani Ewie Szostak, Pani Annie Czernysz, Pani Monice Anigacz, Pani Ma\u0142gorzacie Koniec. Dzi\u0119kujemy r\u00f3wnie\u017c naszym nauczycielom: Pani Ma\u0142gorzacie Sidorskiej, Pani Katarzynie Sztuk, Pani Marcie Rutkowskiej za przygotowanie uczni\u00f3w do konkursu.<\/span><\/div>\n<div dir=\"auto\"><span style=\"color: #000080;\">Jeste\u015bmy dumni z naszych m\u0142odych Mistrz\u00f3w Ortografii!<\/span><\/div>\n<div dir=\"auto\">\nngg_shortcode_0_placeholder\n<\/div>\n","protected":false},"excerpt":{"rendered":"<p>Ma\u0142y Mistrz Ortografii 2026- Regionalny Konkurs Ortograficzny klas III. Za nami wyj\u0105tkowe wydarzenie, kt\u00f3re pokaza\u0142o, \u017ce ortografia wcale nie musi by\u0107 trudna! Uczniowie klas III ze Szko\u0142y Podstawowej Nr 1 w Hrubieszowie, Szko\u0142y Podstawowej Nr 3 w Hrubieszowie i Zespo\u0142u Szkolno- Przedszkolnego w Mirczu wzi\u0119li udzia\u0142 w ostatnim IV etapie Rejonowego Konkursu Ortograficznego \u201eMa\u0142y Mistrz [&hellip;]<\/p>\n","protected":false},"author":2,"featured_media":0,"parent":5983,"menu_order":0,"comment_status":"closed","ping_status":"closed","template":"","meta":{"ngg_post_thumbnail":0,"footnotes":""},"class_list":["post-29940","page","type-page","status-publish","hentry"],"_links":{"self":[{"href":"https:\/\/sp1hrubieszow.pl\/index.php\/wp-json\/wp\/v2\/pages\/29940","targetHints":{"allow":["GET"]}}],"collection":[{"href":"https:\/\/sp1hrubieszow.pl\/index.php\/wp-json\/wp\/v2\/pages"}],"about":[{"href":"https:\/\/sp1hrubieszow.pl\/index.php\/wp-json\/wp\/v2\/types\/page"}],"author":[{"embeddable":true,"href":"https:\/\/sp1hrubieszow.pl\/index.php\/wp-json\/wp\/v2\/users\/2"}],"replies":[{"embeddable":true,"href":"https:\/\/sp1hrubieszow.pl\/index.php\/wp-json\/wp\/v2\/comments?post=29940"}],"version-history":[{"count":1,"href":"https:\/\/sp1hrubieszow.pl\/index.php\/wp-json\/wp\/v2\/pages\/29940\/revisions"}],"predecessor-version":[{"id":29941,"href":"https:\/\/sp1hrubieszow.pl\/index.php\/wp-json\/wp\/v2\/pages\/29940\/revisions\/29941"}],"up":[{"embeddable":true,"href":"https:\/\/sp1hrubieszow.pl\/index.php\/wp-json\/wp\/v2\/pages\/5983"}],"wp:attachment":[{"href":"https:\/\/sp1hrubieszow.pl\/index.php\/wp-json\/wp\/v2\/media?parent=29940"}],"curies":[{"name":"wp","href":"https:\/\/api.w.org\/{rel}","templated":true}]}}