{"id":219,"date":"2019-03-18T11:07:25","date_gmt":"2019-03-18T10:07:25","guid":{"rendered":"http:\/\/sp1.hrubieszow.info\/?page_id=219"},"modified":"2026-09-02T18:43:23","modified_gmt":"2026-09-02T16:43:23","slug":"kalendarz-roku-szkolnego-2018-2019","status":"publish","type":"page","link":"https:\/\/sp1hrubieszow.pl\/index.php\/przykladowa-strona\/kalendarz-roku-szkolnego-2018-2019\/","title":{"rendered":"Kalendarz Roku Szkolnego 2026\/2027"},"content":{"rendered":"\n<h1><span style=\"color: #000080;\"><strong><a style=\"color: #000080;\" href=\"https:\/\/sp1hrubieszow.pl\/wp-content\/uploads\/2025\/09\/Kalendarrz_roku_szkolnego.docx\">Kalendarz roku szkolnego<\/a><\/strong><\/span><\/h1>\n\n\n\n<h2><strong>Kalendarz roku szkolnego 2026\/2027<\/strong><\/h2>\n<table width=\"943\">\n<tbody>\n<tr>\n<td width=\"80\">\n<p><strong>miesi\u0105c<\/strong><\/p>\n<\/td>\n<td width=\"63\">\n<p><strong>P<\/strong><\/p>\n<\/td>\n<td width=\"52\">\n<p><strong>W<\/strong><\/p>\n<\/td>\n<td width=\"61\">\n<p><strong>\u015a<\/strong><\/p>\n<\/td>\n<td width=\"61\">\n<p><strong>Cz<\/strong><\/p>\n<\/td>\n<td width=\"60\">\n<p><strong>P<\/strong><\/p>\n<\/td>\n<td width=\"58\">\n<p><strong>S, Nd.<\/strong><\/p>\n<\/td>\n<td width=\"83\">\n<p><strong>Dni nauki w&nbsp;miesi\u0105cu<\/strong><\/p>\n<\/td>\n<td colspan=\"2\" width=\"425\">\n<p><strong>p\u00f3\u0142rocze<\/strong><\/p>\n<\/td>\n<\/tr>\n<tr>\n<td rowspan=\"5\" width=\"80\">\n<p><strong>wrzesie\u0144<\/strong><\/p>\n<\/td>\n<td width=\"63\">\n<p><strong>&nbsp;<\/strong><\/p>\n<\/td>\n<td width=\"52\">\n<p><strong>1<\/strong><\/p>\n<\/td>\n<td width=\"61\">\n<p><strong>2<\/strong><\/p>\n<\/td>\n<td width=\"61\">\n<p><strong>3<\/strong><\/p>\n<\/td>\n<td width=\"60\">\n<p><strong>4<\/strong><\/p>\n<\/td>\n<td width=\"58\">\n<p><strong>5,6<\/strong><\/p>\n<\/td>\n<td rowspan=\"5\" width=\"83\">\n<p><strong>Pn \u2013&nbsp;&nbsp; 4<\/strong><\/p>\n<p><strong>Wt \u2013&nbsp; 5<\/strong><\/p>\n<p><strong>\u015ar&nbsp; \u2013&nbsp;&nbsp; 5<\/strong><\/p>\n<p><strong>Czw \u2013 4<\/strong><\/p>\n<p><strong>Pt \u2013&nbsp;&nbsp;&nbsp; 4<\/strong><\/p>\n<p><strong>&nbsp;&nbsp;&nbsp;&nbsp;&nbsp;&nbsp;&nbsp;&nbsp; 22<\/strong><\/p>\n<\/td>\n<td rowspan=\"5\" width=\"390\">\n<p><strong>01. 09.2026\u2013<\/strong><strong> Uroczyste rozpocz\u0119cie roku szkolnego<\/strong><\/p>\n<p><strong>01.09. 2026- 22.01. 2027&nbsp; I p\u00f3\u0142rocze ( 93&nbsp; dni)&nbsp; <\/strong><\/p>\n<p><strong>04.09. 2026 \u2013 Narodowe Czytanie <\/strong><\/p>\n<p><strong>10. 09.2026<\/strong><strong> \u2013 Zebranie z rodzicami<\/strong><\/p>\n<p><strong>15.09. 2026 -zebranie rady pedagogicznej godzina 15.10<\/strong><\/p>\n<p><strong>17.09.2026 \u2013 Biegi Prze\u0142ajowe<\/strong><\/p>\n<p><strong>16.09. 2026 Szkoleniowa rada pedagogiczna Kompas Jutra godzina 15.00-17.15 online <\/strong><\/p>\n<p><strong>18.09. 2026 Sprz\u0105tanie \u015bwiata <\/strong><\/p>\n<p><strong>27.09. 2026 \u2013 Obchody Dnia Pa\u0144stwa Podziemnego <\/strong><\/p>\n<p><strong>28.09. 2026 \u2013 02.10 2026 Tydzie\u0144 przemocy r\u00f3wie\u015bniczej oraz budowanie relacji <\/strong><\/p>\n<p><strong>30.09.2026\u2013 klasowe obchody Dnia Ch\u0142opaka<\/strong><\/p>\n<\/td>\n<td rowspan=\"27\" width=\"36\">\n<p><strong>I<\/strong><\/p>\n<\/td>\n<\/tr>\n<tr>\n<td width=\"63\">\n<p><strong>7<\/strong><\/p>\n<\/td>\n<td width=\"52\">\n<p><strong>8<\/strong><\/p>\n<\/td>\n<td width=\"61\">\n<p><strong>9<\/strong><\/p>\n<\/td>\n<td width=\"61\">\n<p><strong>10<\/strong><\/p>\n<\/td>\n<td width=\"60\">\n<p><strong>11<\/strong><\/p>\n<\/td>\n<td width=\"58\">\n<p><strong>12,13<\/strong><\/p>\n<\/td>\n<\/tr>\n<tr>\n<td width=\"63\">\n<p><strong>14<\/strong><\/p>\n<\/td>\n<td width=\"52\">\n<p><strong>15<\/strong><\/p>\n<\/td>\n<td width=\"61\">\n<p><strong>16<\/strong><\/p>\n<\/td>\n<td width=\"61\">\n<p><strong>17<\/strong><\/p>\n<\/td>\n<td width=\"60\">\n<p><strong>18<\/strong><\/p>\n<\/td>\n<td width=\"58\">\n<p><strong>19,20<\/strong><\/p>\n<\/td>\n<\/tr>\n<tr>\n<td width=\"63\">\n<p><strong>21<\/strong><\/p>\n<\/td>\n<td width=\"52\">\n<p><strong>22<\/strong><\/p>\n<\/td>\n<td width=\"61\">\n<p><strong>23<\/strong><\/p>\n<\/td>\n<td width=\"61\">\n<p><strong>24<\/strong><\/p>\n<\/td>\n<td width=\"60\">\n<p><strong>25<\/strong><\/p>\n<\/td>\n<td width=\"58\">\n<p><strong>26<\/strong><\/p>\n<\/td>\n<\/tr>\n<tr>\n<td width=\"63\">\n<p><strong>28<\/strong><\/p>\n<\/td>\n<td width=\"52\">\n<p><strong>29<\/strong><\/p>\n<\/td>\n<td width=\"61\">\n<p><strong>30<\/strong><\/p>\n<\/td>\n<td width=\"61\">&nbsp;<\/td>\n<td width=\"60\">&nbsp;<\/td>\n<td width=\"58\">&nbsp;<\/td>\n<\/tr>\n<tr>\n<td rowspan=\"5\" width=\"80\">\n<p><strong>pa\u017adziernik<\/strong><\/p>\n<\/td>\n<td width=\"63\">\n<p><strong>&nbsp;<\/strong><\/p>\n<\/td>\n<td width=\"52\">\n<p><strong>&nbsp;<\/strong><\/p>\n<\/td>\n<td width=\"61\">\n<p><strong>&nbsp;<\/strong><\/p>\n<\/td>\n<td width=\"61\">\n<p><strong>1<\/strong><\/p>\n<\/td>\n<td width=\"60\">\n<p><strong>2<\/strong><\/p>\n<\/td>\n<td width=\"58\">\n<p><strong>3,4<\/strong><\/p>\n<\/td>\n<td rowspan=\"5\" width=\"83\">\n<p><strong>Pn \u2013&nbsp;&nbsp; 4<\/strong><\/p>\n<p><strong>Wt \u2013&nbsp; 4<\/strong><\/p>\n<p><strong>\u015ar \u2013&nbsp;&nbsp;&nbsp; 4<\/strong><\/p>\n<p><strong>Czw \u2013 5<\/strong><\/p>\n<p><strong><u>Pt&nbsp; \u2013&nbsp;&nbsp;&nbsp; 5<\/u><\/strong><\/p>\n<p><strong>&nbsp;&nbsp;&nbsp;&nbsp;&nbsp;&nbsp;&nbsp;&nbsp;&nbsp; 22<\/strong><\/p>\n<\/td>\n<td rowspan=\"5\" width=\"390\">\n<p><strong>05 -09.10 2026 Europejski tydzie\u0144 \u015bwiadomo\u015bci dysleksji <\/strong><\/p>\n<p><strong>06-09 .10.2026 \u2013 Pr\u00f3bna ewakuacja (jeden wybrany dzie\u0144)<\/strong><\/p>\n<p><strong>12-16.10. 2026 -Tydzie\u0144 Mediacji <\/strong><\/p>\n<p><strong>14.10.2026 \u2013 Dzie\u0144 Edukacji Narodowej <\/strong><\/p>\n<p><strong>15.10 .2026&nbsp; Dzie\u0144 Papieski <\/strong><\/p>\n<p><strong>16.10. 2026&nbsp; Dzie\u0144 wolny od zaj\u0119\u0107 dydaktycznych Papieski <\/strong><\/p>\n<p><strong>26 &#8211; 30. 10.2026 \u2013 \u015blubowanie kl. 1<\/strong><\/p>\n<p><strong>\u2026\u2026\u2026.. Szkoleniowe zebranie rady pedagogicznej (15.30)<\/strong><\/p>\n<\/td>\n<\/tr>\n<tr>\n<td width=\"63\">\n<p><strong>5<\/strong><\/p>\n<\/td>\n<td width=\"52\">\n<p><strong>6<\/strong><\/p>\n<\/td>\n<td width=\"61\">\n<p><strong>7<\/strong><\/p>\n<\/td>\n<td width=\"61\">\n<p><strong>8<\/strong><\/p>\n<\/td>\n<td width=\"60\">\n<p><strong>9<\/strong><\/p>\n<\/td>\n<td width=\"58\">\n<p><strong>10,11<\/strong><\/p>\n<\/td>\n<\/tr>\n<tr>\n<td width=\"63\">\n<p><strong>12<\/strong><\/p>\n<\/td>\n<td width=\"52\">\n<p><strong>13<\/strong><\/p>\n<\/td>\n<td width=\"61\">\n<p><strong>14<\/strong><\/p>\n<\/td>\n<td width=\"61\">\n<p><strong>15<\/strong><\/p>\n<\/td>\n<td width=\"60\">\n<p><strong>16<\/strong><\/p>\n<\/td>\n<td width=\"58\">\n<p><strong>17,18<\/strong><\/p>\n<\/td>\n<\/tr>\n<tr>\n<td width=\"63\">\n<p><strong>19<\/strong><\/p>\n<\/td>\n<td width=\"52\">\n<p><strong>20<\/strong><\/p>\n<\/td>\n<td width=\"61\">\n<p><strong>21<\/strong><\/p>\n<\/td>\n<td width=\"61\">\n<p><strong>22<\/strong><\/p>\n<\/td>\n<td width=\"60\">\n<p><strong>23<\/strong><\/p>\n<\/td>\n<td width=\"58\">\n<p><strong>24,25<\/strong><\/p>\n<\/td>\n<\/tr>\n<tr>\n<td width=\"63\">\n<p><strong>26<\/strong><\/p>\n<\/td>\n<td width=\"52\">\n<p><strong>27<\/strong><\/p>\n<\/td>\n<td width=\"61\">\n<p><strong>28<\/strong><\/p>\n<\/td>\n<td width=\"61\">\n<p><strong>29<\/strong><\/p>\n<\/td>\n<td width=\"60\">\n<p><strong>30<\/strong><\/p>\n<\/td>\n<td width=\"58\">\n<p><strong>31<\/strong><\/p>\n<\/td>\n<\/tr>\n<tr>\n<td rowspan=\"6\" width=\"80\">\n<p><strong>listopad<\/strong><\/p>\n<\/td>\n<td width=\"63\">\n<p><strong>&nbsp;<\/strong><\/p>\n<\/td>\n<td width=\"52\">\n<p><strong>&nbsp;<\/strong><\/p>\n<\/td>\n<td width=\"61\">\n<p><strong>&nbsp;<\/strong><\/p>\n<\/td>\n<td width=\"61\">\n<p><strong>&nbsp;<\/strong><\/p>\n<\/td>\n<td width=\"60\">&nbsp;<\/td>\n<td width=\"58\">\n<p><strong>1<\/strong><\/p>\n<\/td>\n<td rowspan=\"6\" width=\"83\">\n<p><strong>Pn \u2013&nbsp;&nbsp; 5<\/strong><\/p>\n<p><strong>Wt \u2013&nbsp; 4<\/strong><\/p>\n<p><strong>\u015ar \u2013&nbsp;&nbsp;&nbsp; 4<\/strong><\/p>\n<p><strong>Czw \u20134<\/strong><\/p>\n<p><strong>Pt \u2013&nbsp;&nbsp;&nbsp; 4<\/strong><\/p>\n<p><strong>&nbsp;&nbsp;&nbsp;&nbsp;&nbsp;&nbsp;&nbsp;&nbsp; 21<\/strong><\/p>\n<\/td>\n<td rowspan=\"6\" width=\"390\">\n<p><strong>01.11.2026\u2013 Wszystkich \u015awi\u0119tych<\/strong><\/p>\n<p><strong>02. 11.2026 \u2013 dzie\u0144 wolny do zaj\u0119\u0107 dydaktycznych <\/strong><\/p>\n<p><strong>10.10.2026\u2013 szkolne obchody \u015awi\u0119ta Niepodleg\u0142o\u015bci<\/strong><\/p>\n<p><strong>11.11.2026\u2013 \u015awi\u0119to Niepodleg\u0142o\u015bci<\/strong><\/p>\n<p><strong>&nbsp;<\/strong><\/p>\n<p><strong>\u2026\u2026&#8230;11. 2026&nbsp; Szkoleniowe zebranie rady pedagogicznej (15.30)<\/strong><\/p>\n<p><strong>&nbsp;<\/strong><\/p>\n<p><strong>30.11.2026- Andrzejki<\/strong><\/p>\n<\/td>\n<\/tr>\n<tr>\n<td width=\"63\">\n<p><strong>2<\/strong><\/p>\n<\/td>\n<td width=\"52\">\n<p><strong>3<\/strong><\/p>\n<\/td>\n<td width=\"61\">\n<p><strong>4<\/strong><\/p>\n<\/td>\n<td width=\"61\">\n<p><strong>5<\/strong><\/p>\n<\/td>\n<td width=\"60\">\n<p><strong>6<\/strong><\/p>\n<\/td>\n<td width=\"58\">\n<p><strong>7,8<\/strong><\/p>\n<\/td>\n<\/tr>\n<tr>\n<td width=\"63\">\n<p><strong>9<\/strong><\/p>\n<\/td>\n<td width=\"52\">\n<p><strong>10<\/strong><\/p>\n<\/td>\n<td width=\"61\">\n<p><strong>11<\/strong><\/p>\n<\/td>\n<td width=\"61\">\n<p><strong>12<\/strong><\/p>\n<\/td>\n<td width=\"60\">\n<p><strong>13<\/strong><\/p>\n<\/td>\n<td width=\"58\">\n<p><strong>14,15<\/strong><\/p>\n<\/td>\n<\/tr>\n<tr>\n<td width=\"63\">\n<p><strong>16<\/strong><\/p>\n<\/td>\n<td width=\"52\">\n<p><strong>17<\/strong><\/p>\n<\/td>\n<td width=\"61\">\n<p><strong>18<\/strong><\/p>\n<\/td>\n<td width=\"61\">\n<p><strong>19<\/strong><\/p>\n<\/td>\n<td width=\"60\">\n<p><strong>20<\/strong><\/p>\n<\/td>\n<td width=\"58\">\n<p><strong>21,22<\/strong><\/p>\n<\/td>\n<\/tr>\n<tr>\n<td width=\"63\">\n<p><strong>23<\/strong><\/p>\n<\/td>\n<td width=\"52\">\n<p><strong>24<\/strong><\/p>\n<\/td>\n<td width=\"61\">\n<p><strong>25<\/strong><\/p>\n<\/td>\n<td width=\"61\">\n<p><strong>26<\/strong><\/p>\n<\/td>\n<td width=\"60\">\n<p><strong>27<\/strong><\/p>\n<\/td>\n<td width=\"58\">\n<p><strong>28,29<\/strong><\/p>\n<\/td>\n<\/tr>\n<tr>\n<td width=\"63\">\n<p><strong>30<\/strong><\/p>\n<\/td>\n<td width=\"52\">&nbsp;<\/td>\n<td width=\"61\">&nbsp;<\/td>\n<td width=\"61\">&nbsp;<\/td>\n<td width=\"60\">&nbsp;<\/td>\n<td width=\"58\">&nbsp;<\/td>\n<\/tr>\n<tr>\n<td rowspan=\"6\" width=\"80\">\n<p><strong>grudzie\u0144<\/strong><\/p>\n<\/td>\n<td width=\"63\">\n<p><strong>&nbsp;<\/strong><\/p>\n<\/td>\n<td width=\"52\">\n<p><strong>1<\/strong><\/p>\n<\/td>\n<td width=\"61\">\n<p><strong>2<\/strong><\/p>\n<\/td>\n<td width=\"61\">\n<p><strong>3<\/strong><\/p>\n<\/td>\n<td width=\"60\">\n<p><strong>4<\/strong><\/p>\n<\/td>\n<td width=\"58\">\n<p><strong>5,6<\/strong><\/p>\n<\/td>\n<td rowspan=\"5\" width=\"83\">\n<p><strong>Pn \u2013&nbsp;&nbsp; 3<\/strong><\/p>\n<p><strong>Wt \u2013&nbsp; 4<\/strong><\/p>\n<p><strong>\u015ar \u2013&nbsp;&nbsp;&nbsp; 3<\/strong><\/p>\n<p><strong>Czw \u2013 3<\/strong><\/p>\n<p><strong>Pt \u2013&nbsp;&nbsp;&nbsp; 3<\/strong><\/p>\n<p><strong>&nbsp;&nbsp;&nbsp;&nbsp;&nbsp;&nbsp;&nbsp;&nbsp;&nbsp; 16<\/strong><\/p>\n<\/td>\n<td rowspan=\"6\" width=\"390\">\n<p><strong>2.12.2026 Szkolny Dzie\u0144 Profilaktyki <\/strong><\/p>\n<p><strong>7.12.2026 \u2013 Miko\u0142ajki<\/strong><\/p>\n<p><strong>21.12. 2026 ostateczny termin podania do wiadomo\u015bci propozycji&nbsp;&nbsp; ocen niedostatecznych lub brak klasyfikacji&nbsp; za I p\u00f3\u0142rocze<\/strong><\/p>\n<p><strong>21.12.2026&nbsp; \u2013 dzie\u0144 otwarty dla rodzic\u00f3w&nbsp; <\/strong><\/p>\n<p><strong>22.12.2026 &#8211; Wigilia szkolna, op\u0142atek klasowy <\/strong><\/p>\n<p><strong>23-31.12.2026\u2013 Zimowa przerwa \u015bwi\u0105teczna<\/strong><\/p>\n<\/td>\n<\/tr>\n<tr>\n<td width=\"63\">\n<p><strong>7<\/strong><\/p>\n<\/td>\n<td width=\"52\">\n<p><strong>8<\/strong><\/p>\n<\/td>\n<td width=\"61\">\n<p><strong>9<\/strong><\/p>\n<\/td>\n<td width=\"61\">\n<p><strong>10<\/strong><\/p>\n<\/td>\n<td width=\"60\">\n<p><strong>11<\/strong><\/p>\n<\/td>\n<td width=\"58\">\n<p><strong>12,13<\/strong><\/p>\n<\/td>\n<\/tr>\n<tr>\n<td width=\"63\">\n<p><strong>14<\/strong><\/p>\n<\/td>\n<td width=\"52\">\n<p><strong>15<\/strong><\/p>\n<\/td>\n<td width=\"61\">\n<p><strong>16<\/strong><\/p>\n<\/td>\n<td width=\"61\">\n<p><strong>17<\/strong><\/p>\n<\/td>\n<td width=\"60\">\n<p><strong>18<\/strong><\/p>\n<\/td>\n<td width=\"58\">\n<p><strong>19,20<\/strong><\/p>\n<\/td>\n<\/tr>\n<tr>\n<td width=\"63\">\n<p><strong>21<\/strong><\/p>\n<\/td>\n<td width=\"52\">\n<p><strong>22<\/strong><\/p>\n<\/td>\n<td width=\"61\">\n<p><strong>23<\/strong><\/p>\n<\/td>\n<td width=\"61\">\n<p><strong>24<\/strong><\/p>\n<\/td>\n<td width=\"60\">\n<p><strong>25<\/strong><\/p>\n<\/td>\n<td width=\"58\">\n<p><strong>26,27<\/strong><\/p>\n<\/td>\n<\/tr>\n<tr>\n<td width=\"63\">\n<p><strong>28<\/strong><\/p>\n<\/td>\n<td width=\"52\">\n<p><strong>29<\/strong><\/p>\n<\/td>\n<td width=\"61\">\n<p><strong>30<\/strong><\/p>\n<\/td>\n<td width=\"61\">\n<p><strong>31<\/strong><\/p>\n<\/td>\n<td width=\"60\">&nbsp;<\/td>\n<td width=\"58\">&nbsp;<\/td>\n<\/tr>\n<tr>\n<td width=\"63\">&nbsp;<\/td>\n<td width=\"52\">&nbsp;<\/td>\n<td width=\"61\">\n<p><strong>&nbsp;<\/strong><\/p>\n<\/td>\n<td width=\"61\">\n<p><strong>&nbsp;<\/strong><\/p>\n<\/td>\n<td width=\"60\">\n<p><strong>&nbsp;<\/strong><\/p>\n<\/td>\n<td width=\"58\">\n<p><strong>&nbsp;<\/strong><\/p>\n<\/td>\n<td width=\"83\">\n<p><strong>&nbsp;<\/strong><\/p>\n<\/td>\n<\/tr>\n<tr>\n<td rowspan=\"5\" width=\"80\">\n<p><strong>stycze\u0144<\/strong><\/p>\n<\/td>\n<td width=\"63\">\n<p><strong>&nbsp;<\/strong><\/p>\n<\/td>\n<td width=\"52\">\n<p><strong>&nbsp;<\/strong><\/p>\n<\/td>\n<td width=\"61\">&nbsp;<\/td>\n<td width=\"61\">&nbsp;<\/td>\n<td width=\"60\">\n<p><strong>1<\/strong><\/p>\n<\/td>\n<td width=\"58\">\n<p><strong>2,3<\/strong><\/p>\n<\/td>\n<td rowspan=\"5\" width=\"83\">\n<p><strong>Pn \u2013&nbsp; &nbsp;4<\/strong><\/p>\n<p><strong>Wt \u2013&nbsp; 4<\/strong><\/p>\n<p><strong>\u015ar \u2013&nbsp;&nbsp;&nbsp; 3<\/strong><\/p>\n<p><strong>Czw \u2013 4<\/strong><\/p>\n<p><strong>Pt \u2013&nbsp;&nbsp;&nbsp; 4<\/strong><\/p>\n<p><strong>&nbsp;&nbsp;&nbsp;&nbsp;&nbsp;&nbsp;&nbsp;&nbsp;&nbsp; 15<\/strong><\/p>\n<\/td>\n<td rowspan=\"5\" width=\"390\">\n<p><strong>01.01.2026 \u2013 Nowy Rok<\/strong><\/p>\n<p><strong>06.01.2027\u2013 \u015awi\u0119to Trzech Kr\u00f3li<\/strong><\/p>\n<p><strong>07.01.2027 Ostateczny termin podania do wiadomo\u015bci propozycji&nbsp; ocen&nbsp; klasyfikacyjnych za I p\u00f3\u0142rocze<\/strong><\/p>\n<p><strong>18.01.2027 \u2013 Ostateczny termin wystawienia ocen<\/strong><\/p>\n<p><strong>21.01.2027 \u2013 zebranie RP \u2013 klasyfikacyjne<\/strong><\/p>\n<p><strong>22.01.2027 \u2013 zebranie z rodzicami <\/strong><strong>&nbsp;(dzie\u0144 otwarty szko\u0142y dla rodzica)<\/strong><\/p>\n<p><strong>22.01.2027\u2013 zako\u0144czenie I semestru<\/strong><\/p>\n<p><strong>25.01. 2027- 25.06. 2027 II p\u00f3\u0142rocze (89&nbsp; dni) <\/strong><\/p>\n<p><strong>28.01.2027 podsumowanie pracy za I p\u00f3\u0142rocze <\/strong><\/p>\n<p><strong>27.01. 2027 \u2013Rocznica Powstania 27 Dywizji Piechoty AK <\/strong><\/p>\n<\/td>\n<\/tr>\n<tr>\n<td width=\"63\">\n<p><strong>4<\/strong><\/p>\n<\/td>\n<td width=\"52\">\n<p><strong>5<\/strong><\/p>\n<\/td>\n<td width=\"61\">\n<p><strong>6<\/strong><\/p>\n<\/td>\n<td width=\"61\">\n<p><strong>7<\/strong><\/p>\n<\/td>\n<td width=\"60\">\n<p><strong>8<\/strong><\/p>\n<\/td>\n<td width=\"58\">\n<p><strong>9,10<\/strong><\/p>\n<\/td>\n<\/tr>\n<tr>\n<td width=\"63\">\n<p><strong>11<\/strong><\/p>\n<\/td>\n<td width=\"52\">\n<p><strong>12<\/strong><\/p>\n<\/td>\n<td width=\"61\">\n<p><strong>13<\/strong><\/p>\n<\/td>\n<td width=\"61\">\n<p><strong>14<\/strong><\/p>\n<\/td>\n<td width=\"60\">\n<p><strong>15<\/strong><\/p>\n<\/td>\n<td width=\"58\">\n<p><strong>16,17<\/strong><\/p>\n<\/td>\n<\/tr>\n<tr>\n<td width=\"63\">\n<p><strong>18<\/strong><\/p>\n<\/td>\n<td width=\"52\">\n<p><strong>19<\/strong><\/p>\n<\/td>\n<td width=\"61\">\n<p><strong>20<\/strong><\/p>\n<\/td>\n<td width=\"61\">\n<p><strong>21<\/strong><\/p>\n<\/td>\n<td width=\"60\">\n<p><strong>22<\/strong><\/p>\n<\/td>\n<td width=\"58\">\n<p><strong>23,24<\/strong><\/p>\n<\/td>\n<\/tr>\n<tr>\n<td width=\"63\">\n<p><strong>25<\/strong><\/p>\n<\/td>\n<td width=\"52\">\n<p><strong>26<\/strong><\/p>\n<\/td>\n<td width=\"61\">\n<p><strong>27<\/strong><\/p>\n<\/td>\n<td width=\"61\">\n<p><strong>28<\/strong><\/p>\n<\/td>\n<td width=\"60\">\n<p><strong>29<\/strong><\/p>\n<\/td>\n<td width=\"58\">\n<p><strong>30,31<\/strong><\/p>\n<\/td>\n<\/tr>\n<tr>\n<td rowspan=\"4\" width=\"80\">\n<p><strong>luty<\/strong><\/p>\n<\/td>\n<td width=\"63\">\n<p><strong>1<\/strong><\/p>\n<\/td>\n<td width=\"52\">\n<p><strong>2<\/strong><\/p>\n<\/td>\n<td width=\"61\">\n<p><strong>3<\/strong><\/p>\n<\/td>\n<td width=\"61\">\n<p><strong>4<\/strong><\/p>\n<\/td>\n<td width=\"60\">\n<p><strong>5<\/strong><\/p>\n<\/td>\n<td width=\"58\">\n<p><strong>6.7<\/strong><\/p>\n<\/td>\n<td rowspan=\"4\" width=\"83\">\n<p><strong>Pn \u2013&nbsp;&nbsp; 2<\/strong><\/p>\n<p><strong>Wt \u2013&nbsp; 2<\/strong><\/p>\n<p><strong>\u015ar \u2013&nbsp;&nbsp; 2<\/strong><\/p>\n<p><strong>Czw \u2013 2<\/strong><\/p>\n<p><strong>Pt \u2013&nbsp;&nbsp;&nbsp; 2<\/strong><\/p>\n<p><strong>&nbsp;&nbsp;&nbsp;&nbsp;&nbsp;&nbsp;&nbsp;&nbsp;&nbsp; 10<\/strong><\/p>\n<\/td>\n<td rowspan=\"4\" width=\"390\">\n<p><strong>&nbsp;<\/strong><\/p>\n<p><strong>1.02-27- 12 . 02.2027\u2013 ferie&nbsp; zimowe<\/strong><\/p>\n<p><strong>15 .02. 2027&nbsp; Walentynki <\/strong><\/p>\n<p><strong>22.02.2027 Mi\u0119dzynarodowy Dzie\u0144 J\u0119zyka Ojczystego <\/strong><\/p>\n<\/td>\n<td rowspan=\"26\" width=\"36\">\n<p><strong>II<\/strong><\/p>\n<\/td>\n<\/tr>\n<tr>\n<td width=\"63\">\n<p><strong>8<\/strong><\/p>\n<\/td>\n<td width=\"52\">\n<p><strong>9<\/strong><\/p>\n<\/td>\n<td width=\"61\">\n<p><strong>10<\/strong><\/p>\n<\/td>\n<td width=\"61\">\n<p><strong>11<\/strong><\/p>\n<\/td>\n<td width=\"60\">\n<p><strong>12<\/strong><\/p>\n<\/td>\n<td width=\"58\">\n<p><strong>13,14<\/strong><\/p>\n<\/td>\n<\/tr>\n<tr>\n<td width=\"63\">\n<p><strong>15<\/strong><\/p>\n<\/td>\n<td width=\"52\">\n<p><strong>16<\/strong><\/p>\n<\/td>\n<td width=\"61\">\n<p><strong>17<\/strong><\/p>\n<\/td>\n<td width=\"61\">\n<p><strong>18<\/strong><\/p>\n<\/td>\n<td width=\"60\">\n<p><strong>19<\/strong><\/p>\n<\/td>\n<td width=\"58\">\n<p><strong>20,21<\/strong><\/p>\n<\/td>\n<\/tr>\n<tr>\n<td width=\"63\">\n<p><strong>22<\/strong><\/p>\n<\/td>\n<td width=\"52\">\n<p><strong>23<\/strong><\/p>\n<\/td>\n<td width=\"61\">\n<p><strong>24<\/strong><\/p>\n<\/td>\n<td width=\"61\">\n<p><strong>25<\/strong><\/p>\n<\/td>\n<td width=\"60\">\n<p><strong>26<\/strong><\/p>\n<\/td>\n<td width=\"58\">\n<p><strong>27,28<\/strong><\/p>\n<\/td>\n<\/tr>\n<tr>\n<td rowspan=\"6\" width=\"80\">\n<p><strong>marzec<\/strong><\/p>\n<\/td>\n<td width=\"63\">\n<p><strong>1<\/strong><\/p>\n<\/td>\n<td width=\"52\">\n<p><strong>2<\/strong><\/p>\n<\/td>\n<td width=\"61\">\n<p><strong>3<\/strong><\/p>\n<\/td>\n<td width=\"61\">\n<p><strong>4<\/strong><\/p>\n<\/td>\n<td width=\"60\">\n<p><strong>5<\/strong><\/p>\n<\/td>\n<td width=\"58\">\n<p><strong>6,7<\/strong><\/p>\n<\/td>\n<td rowspan=\"5\" width=\"83\">\n<p><strong>Pn \u2013&nbsp;&nbsp; 4<\/strong><\/p>\n<p><strong>Wt \u2013&nbsp; 4<\/strong><\/p>\n<p><strong>\u015ar \u2013&nbsp;&nbsp;&nbsp; 4<\/strong><\/p>\n<p><strong>Czw \u2013 3<\/strong><\/p>\n<p><strong>Pt \u2013&nbsp;&nbsp;&nbsp; 4<\/strong><\/p>\n<p><strong>&nbsp;&nbsp;&nbsp;&nbsp;&nbsp;&nbsp;&nbsp;&nbsp;&nbsp; 19<\/strong><\/p>\n<\/td>\n<td rowspan=\"6\" width=\"390\">\n<p><strong>01.03. 2027 Narodowy Dzie\u0144 Pami\u0119ci \u017co\u0142nierzy wykl\u0119tych <\/strong><\/p>\n<p><strong>6-8 03.2027\u2013 Rekolekcje&nbsp; Wielkopostne <\/strong><\/p>\n<p><strong>08.03. 2027 \u2013 Dzie\u0144 Kobiet<\/strong><\/p>\n<p><strong>19.03.2027\u2013 Pierwszy Dzie\u0144 Wiosny <\/strong><\/p>\n<p><strong>22.03. 2027 \u015awiatowy Dzie\u0144 Wody <\/strong><\/p>\n<p><strong>25.03&nbsp; &#8211; 30.03.2027\u2013 Wiosenna przerwa \u015bwi\u0105teczna<\/strong><\/p>\n<p><strong>31.03. 2027 dzie\u0144 wolny od zaj\u0119\u0107 dydaktycznych <\/strong><strong>&nbsp;\u2026\u2026\u2026\u2026\u2026\u2026.&nbsp; &#8211;&nbsp; Dzie\u0144 otwarty szko\u0142y <\/strong><\/p>\n<\/td>\n<\/tr>\n<tr>\n<td width=\"63\">\n<p><strong>8<\/strong><\/p>\n<\/td>\n<td width=\"52\">\n<p><strong>9<\/strong><\/p>\n<\/td>\n<td width=\"61\">\n<p><strong>10<\/strong><\/p>\n<\/td>\n<td width=\"61\">\n<p><strong>11<\/strong><\/p>\n<\/td>\n<td width=\"60\">\n<p><strong>12<\/strong><\/p>\n<\/td>\n<td width=\"58\">\n<p><strong>13,14<\/strong><\/p>\n<\/td>\n<\/tr>\n<tr>\n<td width=\"63\">\n<p><strong>15<\/strong><\/p>\n<\/td>\n<td width=\"52\">\n<p><strong>16<\/strong><\/p>\n<\/td>\n<td width=\"61\">\n<p><strong>17<\/strong><\/p>\n<\/td>\n<td width=\"61\">\n<p><strong>18<\/strong><\/p>\n<\/td>\n<td width=\"60\">\n<p><strong>19<\/strong><\/p>\n<\/td>\n<td width=\"58\">\n<p><strong>20,21<\/strong><\/p>\n<\/td>\n<\/tr>\n<tr>\n<td width=\"63\">\n<p><strong>22<\/strong><\/p>\n<\/td>\n<td width=\"52\">\n<p><strong>23<\/strong><\/p>\n<\/td>\n<td width=\"61\">\n<p><strong>24<\/strong><\/p>\n<\/td>\n<td width=\"61\">\n<p><strong>25<\/strong><\/p>\n<\/td>\n<td width=\"60\">\n<p><strong>26<\/strong><\/p>\n<\/td>\n<td width=\"58\">\n<p><strong>27,28<\/strong><\/p>\n<\/td>\n<\/tr>\n<tr>\n<td width=\"63\">\n<p><strong>29<\/strong><\/p>\n<\/td>\n<td width=\"52\">\n<p><strong>30<\/strong><\/p>\n<\/td>\n<td width=\"61\">\n<p><strong>31<\/strong><\/p>\n<\/td>\n<td width=\"61\">&nbsp;<\/td>\n<td width=\"60\">&nbsp;<\/td>\n<td width=\"58\">&nbsp;<\/td>\n<\/tr>\n<tr>\n<td width=\"63\">&nbsp;<\/td>\n<td width=\"52\">\n<p><strong>&nbsp;<\/strong><\/p>\n<\/td>\n<td width=\"61\">\n<p><strong>&nbsp;<\/strong><\/p>\n<\/td>\n<td width=\"61\">\n<p><strong>&nbsp;<\/strong><\/p>\n<\/td>\n<td width=\"60\">\n<p><strong>&nbsp;<\/strong><\/p>\n<\/td>\n<td width=\"58\">\n<p><strong>&nbsp;<\/strong><\/p>\n<\/td>\n<td width=\"83\">\n<p><strong>&nbsp;<\/strong><\/p>\n<\/td>\n<\/tr>\n<tr>\n<td rowspan=\"5\" width=\"80\">\n<p><strong>kwiecie\u0144<\/strong><\/p>\n<\/td>\n<td width=\"63\">\n<p><strong>&nbsp;<\/strong><\/p>\n<\/td>\n<td width=\"52\">&nbsp;<\/td>\n<td width=\"61\">&nbsp;<\/td>\n<td width=\"61\">\n<p><strong>1<\/strong><\/p>\n<\/td>\n<td width=\"60\">\n<p><strong>2<\/strong><\/p>\n<\/td>\n<td width=\"58\">\n<p><strong>3,4<\/strong><\/p>\n<\/td>\n<td rowspan=\"5\" width=\"83\">\n<p><strong>Pn \u2013 4<\/strong><\/p>\n<p><strong>Wt \u2013&nbsp; 4<\/strong><\/p>\n<p><strong>\u015ar \u2013&nbsp;&nbsp;&nbsp; 4&nbsp; <\/strong><\/p>\n<p><strong>Czw \u2013 5<\/strong><\/p>\n<p><strong>Pt \u2013&nbsp;&nbsp;&nbsp; 5<\/strong><\/p>\n<p><strong>&nbsp;&nbsp; &nbsp;&nbsp;&nbsp;&nbsp;&nbsp;&nbsp;22<\/strong><\/p>\n<\/td>\n<td rowspan=\"5\" width=\"390\">\n<p><strong>&nbsp;<\/strong><\/p>\n<p><strong>02.04.2027&nbsp; \u015awiatowy&nbsp; Dzie\u0144 \u015awiadomo\u015bci Autyzmu<\/strong><\/p>\n<p><strong>22.04. 2027&nbsp; Dzie\u0144 Ziemi <\/strong><\/p>\n<p><strong>23.04. 2027 \u015awiatowy Dzie\u0144 Ksi\u0105\u017cki&nbsp; <\/strong><\/p>\n<p><strong>29.04. 2027 Szkolne Uroczysto\u015bci \u015awi\u0119ta Konstytucji <\/strong><\/p>\n<p><strong>30.04.2027 dzie\u0144 wolny od zaj\u0119\u0107 dydaktycznych &nbsp;<\/strong><\/p>\n<\/td>\n<\/tr>\n<tr>\n<td width=\"63\">\n<p><strong>5<\/strong><\/p>\n<\/td>\n<td width=\"52\">\n<p><strong>6<\/strong><\/p>\n<\/td>\n<td width=\"61\">\n<p><strong>7<\/strong><\/p>\n<\/td>\n<td width=\"61\">\n<p><strong>8<\/strong><\/p>\n<\/td>\n<td width=\"60\">\n<p><strong>9<\/strong><\/p>\n<\/td>\n<td width=\"58\">\n<p><strong>10,11<\/strong><\/p>\n<\/td>\n<\/tr>\n<tr>\n<td width=\"63\">\n<p><strong>12<\/strong><\/p>\n<\/td>\n<td width=\"52\">\n<p><strong>13<\/strong><\/p>\n<\/td>\n<td width=\"61\">\n<p><strong>14<\/strong><\/p>\n<\/td>\n<td width=\"61\">\n<p><strong>15<\/strong><\/p>\n<\/td>\n<td width=\"60\">\n<p><strong>16<\/strong><\/p>\n<\/td>\n<td width=\"58\">\n<p><strong>17,18<\/strong><\/p>\n<\/td>\n<\/tr>\n<tr>\n<td width=\"63\">\n<p><strong>19<\/strong><\/p>\n<\/td>\n<td width=\"52\">\n<p><strong>20<\/strong><\/p>\n<\/td>\n<td width=\"61\">\n<p><strong>21<\/strong><\/p>\n<\/td>\n<td width=\"61\">\n<p><strong>22<\/strong><\/p>\n<\/td>\n<td width=\"60\">\n<p><strong>23<\/strong><\/p>\n<\/td>\n<td width=\"58\">\n<p><strong>24,25<\/strong><\/p>\n<\/td>\n<\/tr>\n<tr>\n<td width=\"63\">\n<p><strong>26<\/strong><\/p>\n<\/td>\n<td width=\"52\">\n<p><strong>27<\/strong><\/p>\n<\/td>\n<td width=\"61\">\n<p><strong>28<\/strong><\/p>\n<\/td>\n<td width=\"61\">\n<p><strong>29<\/strong><\/p>\n<\/td>\n<td width=\"60\">\n<p><strong>30<\/strong><\/p>\n<\/td>\n<td width=\"58\">\n<p><strong>&nbsp;<\/strong><\/p>\n<\/td>\n<\/tr>\n<tr>\n<td rowspan=\"5\" width=\"80\">\n<p><strong>maj<\/strong><\/p>\n<\/td>\n<td width=\"63\">\n<p><strong>&nbsp;<\/strong><\/p>\n<\/td>\n<td width=\"52\">\n<p><strong>&nbsp;<\/strong><\/p>\n<\/td>\n<td width=\"61\">\n<p><strong>&nbsp;<\/strong><\/p>\n<\/td>\n<td width=\"61\">&nbsp;<\/td>\n<td width=\"60\">&nbsp;<\/td>\n<td width=\"58\">\n<p><strong>1,2<\/strong><\/p>\n<\/td>\n<td rowspan=\"5\" width=\"83\">\n<p><strong>Pn \u2013&nbsp;&nbsp; 4<\/strong><\/p>\n<p><strong>Wt \u2013&nbsp; 4<\/strong><\/p>\n<p><strong>\u015ar \u2013&nbsp;&nbsp;&nbsp; 4<\/strong><\/p>\n<p><strong>Czw \u2013 3<\/strong><\/p>\n<p><strong>Pt \u2013&nbsp;&nbsp;&nbsp; 4<\/strong><\/p>\n<p><strong>&nbsp;&nbsp;&nbsp;&nbsp;&nbsp;&nbsp;&nbsp;&nbsp;&nbsp; 19<\/strong><\/p>\n<\/td>\n<td rowspan=\"5\" width=\"390\">\n<p><strong>01.05.2027 \u2013 \u015awi\u0119to Pracy<\/strong><\/p>\n<p><strong>03.05.2027\u2013 \u015awi\u0119to Konstytucji<\/strong><\/p>\n<p><strong>10.05. 2027<\/strong> <strong>&nbsp;egz. \u00f3smoklasisty \u2013 j. polski (dzie\u0144 wolny&nbsp; od zaj\u0119\u0107 dydaktycznych)<\/strong><\/p>\n<p><strong>11.05. 2027 \u2013 egz. \u00f3smoklasisty \u2013 matematyka (dzie\u0144 wolny&nbsp; od zaj\u0119\u0107 dydaktycznych)<\/strong><\/p>\n<p><strong>12.05. 2027&nbsp; egz. \u00f3smoklasisty \u2013 j\u0119zyk obcy nowo\u017cytny (dzie\u0144 wolny&nbsp; od zaj\u0119\u0107 dydaktycznych<\/strong><\/p>\n<p><strong>14.&nbsp; 05.2027 \u2013 ostateczny termin podania do wiadomo\u015bci propozycji&nbsp; &nbsp;ocen niedostatecznych lub braku klasyfikacji za II p\u00f3\u0142rocze<\/strong><\/p>\n<p><strong>17.05.2027 \u2013&nbsp; Zebranie z Rodzicami<\/strong><\/p>\n<p><strong>19.05.2027 \u2013<\/strong><strong> Dzie\u0144 Patrona Szko\u0142y <\/strong><\/p>\n<p><strong>27.05.2027 Bo\u017ce Cia\u0142o <\/strong><\/p>\n<p><strong>28.05.2027 dzie\u0144 wolny od zaj\u0119\u0107 dydaktycznych &nbsp;<\/strong><\/p>\n<\/td>\n<\/tr>\n<tr>\n<td width=\"63\">\n<p><strong>3<\/strong><\/p>\n<\/td>\n<td width=\"52\">\n<p><strong>4<\/strong><\/p>\n<\/td>\n<td width=\"61\">\n<p><strong>5<\/strong><\/p>\n<\/td>\n<td width=\"61\">\n<p><strong>6<\/strong><\/p>\n<\/td>\n<td width=\"60\">\n<p><strong>7<\/strong><\/p>\n<\/td>\n<td width=\"58\">\n<p><strong>8,9<\/strong><\/p>\n<\/td>\n<\/tr>\n<tr>\n<td width=\"63\">\n<p><strong>10<\/strong><\/p>\n<\/td>\n<td width=\"52\">\n<p><strong>11<\/strong><\/p>\n<\/td>\n<td width=\"61\">\n<p><strong>12<\/strong><\/p>\n<\/td>\n<td width=\"61\">\n<p><strong>13<\/strong><\/p>\n<\/td>\n<td width=\"60\">\n<p><strong>14<\/strong><\/p>\n<\/td>\n<td width=\"58\">\n<p><strong>15,16<\/strong><\/p>\n<\/td>\n<\/tr>\n<tr>\n<td width=\"63\">\n<p><strong>17<\/strong><\/p>\n<\/td>\n<td width=\"52\">\n<p><strong>18<\/strong><\/p>\n<\/td>\n<td width=\"61\">\n<p><strong>19<\/strong><\/p>\n<\/td>\n<td width=\"61\">\n<p><strong>20<\/strong><\/p>\n<\/td>\n<td width=\"60\">\n<p><strong>21<\/strong><\/p>\n<\/td>\n<td width=\"58\">\n<p><strong>22,23<\/strong><\/p>\n<\/td>\n<\/tr>\n<tr>\n<td width=\"63\">\n<p><strong>24<\/strong><\/p>\n<\/td>\n<td width=\"52\">\n<p><strong>25<\/strong><\/p>\n<\/td>\n<td width=\"61\">\n<p><strong>26<\/strong><\/p>\n<\/td>\n<td width=\"61\">\n<p><strong>27<\/strong><\/p>\n<\/td>\n<td width=\"60\">\n<p><strong>28<\/strong><\/p>\n<\/td>\n<td width=\"58\">\n<p><strong>29,30<\/strong><\/p>\n<\/td>\n<\/tr>\n<tr>\n<td width=\"80\">&nbsp;<\/td>\n<td width=\"63\">\n<p><strong>31<\/strong><\/p>\n<\/td>\n<td width=\"52\">&nbsp;<\/td>\n<td width=\"61\">&nbsp;<\/td>\n<td width=\"61\">&nbsp;<\/td>\n<td width=\"60\">&nbsp;<\/td>\n<td width=\"58\">&nbsp;<\/td>\n<td width=\"83\">&nbsp;<\/td>\n<td width=\"390\">\n<p><strong>31.05. 2027 ostateczny termin podania do wiadomo\u015bci propozycji&nbsp; ocen&nbsp; klasyfikacyjnych za II p\u00f3\u0142rocze<\/strong><\/p>\n<\/td>\n<\/tr>\n<tr>\n<td rowspan=\"5\" width=\"80\">\n<p><strong>czerwiec<\/strong><\/p>\n<\/td>\n<td width=\"63\">\n<p><strong>&nbsp;<\/strong><\/p>\n<\/td>\n<td width=\"52\">\n<p><strong>1<\/strong><\/p>\n<\/td>\n<td width=\"61\">\n<p><strong>2<\/strong><\/p>\n<\/td>\n<td width=\"61\">\n<p><strong>3<\/strong><\/p>\n<\/td>\n<td width=\"60\">\n<p><strong>4<\/strong><\/p>\n<\/td>\n<td width=\"58\">\n<p><strong>5,6<\/strong><\/p>\n<\/td>\n<td rowspan=\"5\" width=\"83\">\n<p><strong>Pn \u2013&nbsp;&nbsp; 3<\/strong><\/p>\n<p><strong>Wt \u2013&nbsp; 4<\/strong><\/p>\n<p><strong>\u015ar \u2013&nbsp;&nbsp; 4<\/strong><\/p>\n<p><strong>Czw \u20134<\/strong><\/p>\n<p><strong>Pt \u2013&nbsp;&nbsp;&nbsp; 4<\/strong><\/p>\n<p><strong>&nbsp;&nbsp;&nbsp;&nbsp;&nbsp;&nbsp;&nbsp;&nbsp;&nbsp; 19<\/strong><\/p>\n<\/td>\n<td rowspan=\"5\" width=\"390\">\n<p><strong>01.06. 2027 r. Dzie\u0144 Dziecka<\/strong><\/p>\n<p><strong>5.06. 2027 Dzie\u0144 Szko\u0142y bez Przemocy <\/strong><\/p>\n<p><strong>14. 06.2027- ostateczny termin wystawienia ocen klasyfikacyjnych<\/strong><\/p>\n<p><strong>17. 06.2027 \u2013 zebranie RP klasyfikacja<\/strong><\/p>\n<p><strong>24.06.2027- zebranie RP \u2013 podsumowanie roku szkolnego<\/strong><\/p>\n<p><strong>25.06.2027<\/strong><strong>\u2013 zako\u0144czenie rocznych zaj\u0119\u0107 dydaktyczno-wychowawczych<\/strong><\/p>\n<\/td>\n<\/tr>\n<tr>\n<td width=\"63\">\n<p><strong>7<\/strong><\/p>\n<\/td>\n<td width=\"52\">\n<p><strong>8<\/strong><\/p>\n<\/td>\n<td width=\"61\">\n<p><strong>9<\/strong><\/p>\n<\/td>\n<td width=\"61\">\n<p><strong>10<\/strong><\/p>\n<\/td>\n<td width=\"60\">\n<p><strong>11<\/strong><\/p>\n<\/td>\n<td width=\"58\">\n<p><strong>12,13<\/strong><\/p>\n<\/td>\n<\/tr>\n<tr>\n<td width=\"63\">\n<p><strong>14<\/strong><\/p>\n<\/td>\n<td width=\"52\">\n<p><strong>15<\/strong><\/p>\n<\/td>\n<td width=\"61\">\n<p><strong>16<\/strong><\/p>\n<\/td>\n<td width=\"61\">\n<p><strong>17<\/strong><\/p>\n<\/td>\n<td width=\"60\">\n<p><strong>18<\/strong><\/p>\n<\/td>\n<td width=\"58\">\n<p><strong>19,20<\/strong><\/p>\n<\/td>\n<\/tr>\n<tr>\n<td width=\"63\">\n<p><strong>21<\/strong><\/p>\n<\/td>\n<td width=\"52\">\n<p><strong>22<\/strong><\/p>\n<\/td>\n<td width=\"61\">\n<p><strong>23<\/strong><\/p>\n<\/td>\n<td width=\"61\">\n<p><strong>24<\/strong><\/p>\n<\/td>\n<td width=\"60\">\n<p><strong>25<\/strong><\/p>\n<\/td>\n<td width=\"58\">\n<p><strong>26,27<\/strong><\/p>\n<\/td>\n<\/tr>\n<tr>\n<td width=\"63\">&nbsp;<\/td>\n<td width=\"52\">&nbsp;<\/td>\n<td width=\"61\">&nbsp;<\/td>\n<td width=\"61\">&nbsp;<\/td>\n<td width=\"60\">&nbsp;<\/td>\n<td width=\"58\">&nbsp;<\/td>\n<\/tr>\n<\/tbody>\n<\/table>\n<p><strong>Ad.17 <\/strong><\/p>\n<p>Przedstawienie propozycji dni wolnych ( podjecie uchwa\u0142y nr 2)<\/p>\n<h2>Zgodnie z Rozporz\u0105dzeniem Ministra Edukacji Narodowej z dnia 11 sierpnia 2017 r. <br>w sprawie organizacji roku szkolnego dyrektor szko\u0142y, mo\u017ce, w danym roku szkolnym, ustali\u0107 dodatkowe dni wolne od zaj\u0119\u0107 dydaktyczno-wychowawczych, w wymiarze dla:<\/h2>\n<ul>\n<li><strong><em>do 8 dni<\/em> \u2014 dla szk\u00f3\u0142 podstawowych, <\/strong><\/li>\n<\/ul>\n<p>Dodatkowe dni wolne od zaj\u0119\u0107 mog\u0105 by\u0107 ustalone:<\/p>\n<ul>\n<li>w dni, w kt\u00f3rych w szkole odbywa si\u0119 egzamin \u00f3smoklasisty,<\/li>\n<li>w dni \u015bwi\u0105t religijnych nieb\u0119d\u0105cych dniami ustawowo wolnymi od pracy, okre\u015blone <br>w przepisach o stosunku pa\u0144stwa do poszczeg\u00f3lnych ko\u015bcio\u0142\u00f3w lub zwi\u0105zk\u00f3w wyznaniowych;<\/li>\n<li>w inne dni, je\u017celi jest to uzasadnione organizacj\u0105 pracy szko\u0142y lub plac\u00f3wki lub potrzebami spo\u0142eczno\u015bci lokalnej.<\/li>\n<\/ul>\n<p><strong>PROPOZYCJA DODATKOWYCH DNI WOLNYCH OD ZAJ\u0118\u0106:<\/strong><\/p>\n<table width=\"82%\">\n<tbody>\n<tr>\n<td width=\"9%\">\n<p><strong>Lp.<\/strong><\/p>\n<\/td>\n<td width=\"90%\">\n<p><strong>Szko\u0142a podstawowa<\/strong><\/p>\n<\/td>\n<\/tr>\n<tr>\n<td width=\"9%\">\n<ol>\n<li>&nbsp;<\/li>\n<\/ol>\n<\/td>\n<td width=\"90%\">\n<p><strong>16.10.2026 r. &#8211; <\/strong><em>uzasadnienie potrzebami spo\u0142eczno\u015bci lokalnej (wyjazdy rodzinne) oraz organizacj\u0105 pracy szko\u0142y<\/em><\/p>\n<\/td>\n<\/tr>\n<tr>\n<td width=\"9%\">\n<ol>\n<li>&nbsp;<\/li>\n<\/ol>\n<\/td>\n<td width=\"90%\">\n<p><strong>02.11. 2026 r.&nbsp; <\/strong><em>uzasadnienie potrzebami spo\u0142eczno\u015bci lokalnej (wyjazdy rodzinne) oraz organizacj\u0105 pracy szko\u0142y<\/em><\/p>\n<\/td>\n<\/tr>\n<tr>\n<td width=\"9%\">\n<ol>\n<li>&nbsp;<\/li>\n<\/ol>\n<\/td>\n<td width=\"90%\">\n<p><strong>31.03. 2027 r.- <\/strong><em>uzasadnienie potrzebami spo\u0142eczno\u015bci lokalnej (wyjazdy rodzinne) oraz organizacj\u0105 pracy szko\u0142y<\/em><\/p>\n<\/td>\n<\/tr>\n<tr>\n<td width=\"9%\">\n<ol>\n<li>&nbsp;<\/li>\n<\/ol>\n<\/td>\n<td width=\"90%\">\n<p><strong>30.04. 2027 r. <\/strong><em>uzasadnienie potrzebami spo\u0142eczno\u015bci lokalnej (wyjazdy rodzinne) oraz organizacj\u0105 pracy szko\u0142y<\/em><\/p>\n<\/td>\n<\/tr>\n<tr>\n<td width=\"9%\">\n<ol>\n<li>&nbsp;<\/li>\n<\/ol>\n<\/td>\n<td width=\"90%\">\n<p><strong>10.05.2027r. &#8211; <\/strong><em>egzamin \u00f3smoklasisty \u2013 j. polski<\/em><\/p>\n<\/td>\n<\/tr>\n<tr>\n<td width=\"9%\">\n<ol>\n<li>&nbsp;<\/li>\n<\/ol>\n<\/td>\n<td width=\"90%\">\n<p><strong>11 .05.2027 r. &#8211; <\/strong><em>egzamin \u00f3smoklasisty \u2013matematyka<\/em><\/p>\n<\/td>\n<\/tr>\n<tr>\n<td width=\"9%\">\n<ol>\n<li>&nbsp;<\/li>\n<\/ol>\n<\/td>\n<td width=\"90%\">\n<p><strong>12.05.2027r. &#8211; <\/strong><em>egzamin \u00f3smoklasisty \u2013j\u0119zyk obcy nowo\u017cytny<\/em><\/p>\n<\/td>\n<\/tr>\n<tr>\n<td width=\"9%\">\n<ol>\n<li>&nbsp;<\/li>\n<\/ol>\n<\/td>\n<td width=\"90%\">\n<p><strong>28.05.2027 r.&nbsp;&nbsp; <\/strong><em>uzasadnienie potrzebami spo\u0142eczno\u015bci lokalnej (wyjazdy rodzinne) oraz organizacj\u0105 pracy szko\u0142y<\/em><\/p>\n<\/td>\n<\/tr>\n<\/tbody>\n<\/table>\n<p>&nbsp;<\/p>\n<p>&nbsp;<\/p>\n","protected":false},"excerpt":{"rendered":"<p>Kalendarz roku szkolnego Kalendarz roku szkolnego 2026\/2027 miesi\u0105c P W \u015a Cz P S, Nd. Dni nauki w&nbsp;miesi\u0105cu p\u00f3\u0142rocze wrzesie\u0144 &nbsp; 1 2 3 4 5,6 Pn \u2013&nbsp;&nbsp; 4 Wt \u2013&nbsp; 5 \u015ar&nbsp; \u2013&nbsp;&nbsp; 5 Czw \u2013 4 Pt \u2013&nbsp;&nbsp;&nbsp; 4 &nbsp;&nbsp;&nbsp;&nbsp;&nbsp;&nbsp;&nbsp;&nbsp; 22 01. 09.2026\u2013 Uroczyste rozpocz\u0119cie roku szkolnego 01.09. 2026- 22.01. 2027&nbsp; I p\u00f3\u0142rocze [&hellip;]<\/p>\n","protected":false},"author":1,"featured_media":0,"parent":2,"menu_order":3,"comment_status":"closed","ping_status":"closed","template":"","meta":{"ngg_post_thumbnail":0,"footnotes":""},"class_list":["post-219","page","type-page","status-publish","hentry"],"_links":{"self":[{"href":"https:\/\/sp1hrubieszow.pl\/index.php\/wp-json\/wp\/v2\/pages\/219","targetHints":{"allow":["GET"]}}],"collection":[{"href":"https:\/\/sp1hrubieszow.pl\/index.php\/wp-json\/wp\/v2\/pages"}],"about":[{"href":"https:\/\/sp1hrubieszow.pl\/index.php\/wp-json\/wp\/v2\/types\/page"}],"author":[{"embeddable":true,"href":"https:\/\/sp1hrubieszow.pl\/index.php\/wp-json\/wp\/v2\/users\/1"}],"replies":[{"embeddable":true,"href":"https:\/\/sp1hrubieszow.pl\/index.php\/wp-json\/wp\/v2\/comments?post=219"}],"version-history":[{"count":14,"href":"https:\/\/sp1hrubieszow.pl\/index.php\/wp-json\/wp\/v2\/pages\/219\/revisions"}],"predecessor-version":[{"id":30415,"href":"https:\/\/sp1hrubieszow.pl\/index.php\/wp-json\/wp\/v2\/pages\/219\/revisions\/30415"}],"up":[{"embeddable":true,"href":"https:\/\/sp1hrubieszow.pl\/index.php\/wp-json\/wp\/v2\/pages\/2"}],"wp:attachment":[{"href":"https:\/\/sp1hrubieszow.pl\/index.php\/wp-json\/wp\/v2\/media?parent=219"}],"curies":[{"name":"wp","href":"https:\/\/api.w.org\/{rel}","templated":true}]}}